{"id":271,"date":"2014-08-27T16:21:13","date_gmt":"2014-08-27T14:21:13","guid":{"rendered":"http:\/\/etnoprojekt.pl\/2.0\/?page_id=271"},"modified":"2014-08-27T17:42:31","modified_gmt":"2014-08-27T15:42:31","slug":"uczestnicy","status":"publish","type":"page","link":"https:\/\/etnoprojekt.pl\/2.0\/uczestnicy\/","title":{"rendered":"Uczestnicy"},"content":{"rendered":"<p><a href=\"http:\/\/etnoprojekt.pl\/2.0\/wp-content\/uploads\/2014\/07\/Paulina_Bia\u0142kowska_etno-projekt_2.0.jpg\"><img loading=\"lazy\" decoding=\"async\" class=\"alignnone wp-image-281 size-thumbnail\" src=\"http:\/\/etnoprojekt.pl\/2.0\/wp-content\/uploads\/2014\/07\/Paulina_Bia\u0142kowska_etno-projekt_2.0-150x150.jpg\" alt=\"Paulina_Bia\u0142kowska_etno-projekt_2.0\" width=\"150\" height=\"150\" srcset=\"https:\/\/etnoprojekt.pl\/wp-content\/uploads\/2014\/07\/Paulina_Bia\u0142kowska_etno-projekt_2.0-150x150.jpg 150w, https:\/\/etnoprojekt.pl\/wp-content\/uploads\/2014\/07\/Paulina_Bia\u0142kowska_etno-projekt_2.0-300x300.jpg 300w, https:\/\/etnoprojekt.pl\/wp-content\/uploads\/2014\/07\/Paulina_Bia\u0142kowska_etno-projekt_2.0.jpg 354w\" sizes=\"(max-width: 150px) 100vw, 150px\" \/><\/a><\/p>\n<p><strong>Paulina Bia\u0142kowska <\/strong><\/p>\n<p>Obecnie studentka V roku projektowania graficznego Uniwersytetu Artystycznego w Poznaniu. Zajmuje si\u0119 g\u0142\u00f3wnie projektowaniem liternictwa, infografik oraz identyfikacji wizualnych. W swojej tw\u00f3rczo\u015bci cz\u0119sto si\u0119ga po inspiracje do swoich \u0142emkowskich korzeni oraz do\u015bwiadcze\u0144 zwi\u0105zanych z przenikaniem si\u0119 r\u00f3\u017cnych sfer kulturowych w swoim otoczeniu.<\/p>\n<p><a href=\"https:\/\/www.behance.net\/bialkowska\">www.behance.net\/bialkowska<\/a><\/p>\n<p><a href=\"http:\/\/etnoprojekt.pl\/2.0\/wp-content\/uploads\/2014\/07\/Katarzyna_Dubeltowicz_etno-projekt_2.0.jpg\"><img loading=\"lazy\" decoding=\"async\" class=\"alignnone wp-image-285 size-thumbnail\" src=\"http:\/\/etnoprojekt.pl\/2.0\/wp-content\/uploads\/2014\/07\/Katarzyna_Dubeltowicz_etno-projekt_2.0-150x150.jpg\" alt=\"Katarzyna_Dubeltowicz_etno-projekt_2.0\" width=\"150\" height=\"150\" srcset=\"https:\/\/etnoprojekt.pl\/wp-content\/uploads\/2014\/07\/Katarzyna_Dubeltowicz_etno-projekt_2.0-150x150.jpg 150w, https:\/\/etnoprojekt.pl\/wp-content\/uploads\/2014\/07\/Katarzyna_Dubeltowicz_etno-projekt_2.0-300x300.jpg 300w, https:\/\/etnoprojekt.pl\/wp-content\/uploads\/2014\/07\/Katarzyna_Dubeltowicz_etno-projekt_2.0.jpg 354w\" sizes=\"(max-width: 150px) 100vw, 150px\" \/><\/a><\/p>\n<p><strong>Katarzyna Dubeltowicz<\/strong><\/p>\n<p>Jestem absolwentk\u0105 etnologii na Uniwersytecie \u0141\u00f3dzkim, pochodz\u0119 z Kielc, obecnie pracuj\u0119 w Stowarzyszeniu W.A.R.K.A. i wsp\u00f3\u0142tworz\u0119 rozmaite projekty spo\u0142eczne, przede wszystkim seniorskie, mi\u0119dzypokoleniowe i czytelnicze. Mam do czynienia z tw\u00f3rcami sztuki ludowej i r\u0119kodzie\u0142a artystycznego. W seniorach widz\u0119 potencja\u0142 tw\u00f3rczy, kt\u00f3ry my, jako m\u0142odzi powinni\u015bmy wykorzysta\u0107. Z zami\u0142owania i wykszta\u0142cenia badacz, wol\u0119 obserwowa\u0107 ni\u017c przedstawia\u0107, s\u0142ucha\u0107 ni\u017c m\u00f3wi\u0107, lubi\u0119 by\u0107 w terenie. W przysz\u0142o\u015bci widz\u0119 si\u0119 jako badacza &#8211; badania rynkowe, konsumenckie, etnograficzne, a mo\u017ce wszystko na raz? Poch\u0142aniam ksi\u0105\u017cki jak szalona, uk\u0142adam obrazki z suszonych kwiat\u00f3w i trenowa\u0142am sztuki walki. Taka sytuacja \ud83d\ude09<\/p>\n<p><a href=\"http:\/\/etnoprojekt.pl\/2.0\/wp-content\/uploads\/2014\/07\/Jakub_Jankiewicz_etno-projekt-2.0.jpg\"><img loading=\"lazy\" decoding=\"async\" class=\"alignnone wp-image-278 size-thumbnail\" src=\"http:\/\/etnoprojekt.pl\/2.0\/wp-content\/uploads\/2014\/07\/Jakub_Jankiewicz_etno-projekt-2.0-150x150.jpg\" alt=\"Jakub_Jankiewicz_etno-projekt-2.0\" width=\"150\" height=\"150\" srcset=\"https:\/\/etnoprojekt.pl\/wp-content\/uploads\/2014\/07\/Jakub_Jankiewicz_etno-projekt-2.0-150x150.jpg 150w, https:\/\/etnoprojekt.pl\/wp-content\/uploads\/2014\/07\/Jakub_Jankiewicz_etno-projekt-2.0-300x300.jpg 300w, https:\/\/etnoprojekt.pl\/wp-content\/uploads\/2014\/07\/Jakub_Jankiewicz_etno-projekt-2.0.jpg 354w\" sizes=\"(max-width: 150px) 100vw, 150px\" \/><\/a><\/p>\n<p><strong>Jakub T. Jankiewicz<\/strong><\/p>\n<p>Z wykszta\u0142cenia informatyk, studiowa\u0142 na Politechnice \u015awi\u0119tokrzyskiej. Pracuje jako programista JavaScript, pisze tak\u017ce bloga &#8222;<a href=\"http:\/\/jcubic.pl\/\" target=\"_blank\">G\u0142\u00f3wnie JavaScript<\/a>&#8221; oscyluj\u0105cego wok\u00f3\u0142 tematyki Front-Endu. W wolnym czasie udziela si\u0119 pisz\u0105c oprogramowanie <a href=\"https:\/\/github.com\/jcubic\/\" target=\"_blank\">open source<\/a>. Jest Wikipedyst\u0105. Zajmuje si\u0119 tak\u017ce <a href=\"https:\/\/www.flickr.com\/photos\/jcubic\/\" target=\"_blank\">fotografi\u0105<\/a> oraz <a href=\"https:\/\/openclipart.org\/user-detail\/kuba\" target=\"_blank\">grafik\u0105 komputerow\u0105<\/a> korzystaj\u0105c z wolnego oprogramowania. Swoje prace udost\u0119pnia na otwartych licencjach takich jak <a href=\"http:\/\/creativecommons.org\/\" target=\"_blank\">Creative Commons<\/a> czy <a href=\"http:\/\/www.gnu.org.pl\/text\/licencja-gnu.html\" target=\"_blank\">Powszechna licencja publiczna GNU<\/a>.<\/p>\n<p><a href=\"http:\/\/etnoprojekt.pl\/2.0\/wp-content\/uploads\/2014\/07\/Kamil_Korolczuk_etno-projekt_2.0.jpg\"><img loading=\"lazy\" decoding=\"async\" class=\"alignnone wp-image-284 size-thumbnail\" src=\"http:\/\/etnoprojekt.pl\/2.0\/wp-content\/uploads\/2014\/07\/Kamil_Korolczuk_etno-projekt_2.0-150x150.jpg\" alt=\"Kamil_Korolczuk_etno-projekt_2.0\" width=\"150\" height=\"150\" srcset=\"https:\/\/etnoprojekt.pl\/wp-content\/uploads\/2014\/07\/Kamil_Korolczuk_etno-projekt_2.0-150x150.jpg 150w, https:\/\/etnoprojekt.pl\/wp-content\/uploads\/2014\/07\/Kamil_Korolczuk_etno-projekt_2.0-300x300.jpg 300w, https:\/\/etnoprojekt.pl\/wp-content\/uploads\/2014\/07\/Kamil_Korolczuk_etno-projekt_2.0.jpg 354w\" sizes=\"(max-width: 150px) 100vw, 150px\" \/><\/a><\/p>\n<p><strong>Kamil Korolczuk<\/strong><\/p>\n<p>Projektant i student wydzia\u0142u komunikacji wizualnej w Royal College of Art. Poza projektowaniem graficznym interesuj\u0119 si\u0119 teori\u0105 kultury, szeroko poj\u0119t\u0105 komunikacj\u0105 (przez obraz, d\u017awi\u0119k, do\u015bwiadczenie\u2026) i odkrywaniem \u015bwiata. W ci\u0105gu ostatnich lat wsp\u00f3\u0142tworzy\u0142em zesp\u00f3\u0142 muzyki improwizowanej Lanza!, niezale\u017cne wydawnictwo muzyczne OSOrecords, studiowa\u0142em Sonic Arts, Projektowanie Graficzne i Komunikacj\u0119 Wizualn\u0105, pracowa\u0142em nad wieloma ciekawymi projektami graficznymi i podr\u00f3\u017cowa\u0142em. Przez udzia\u0142 w Etno-projekcie chc\u0119 poszerzy\u0107 swoj\u0105 wiedz\u0119 o kulturze ludowej i nawi\u0105za\u0107 nowe, ciekawe kontakty.<\/p>\n<p><a href=\"www.cargocollective.com\/kamilkorolczuk\">www.cargocollective.com\/kamilkorolczuk<\/a><\/p>\n<p><a href=\"http:\/\/etnoprojekt.pl\/2.0\/wp-content\/uploads\/2014\/07\/Zuzanna_Lelek_etno-projekt_2.0.jpg\"><img loading=\"lazy\" decoding=\"async\" class=\"alignnone wp-image-280 size-thumbnail\" src=\"http:\/\/etnoprojekt.pl\/2.0\/wp-content\/uploads\/2014\/07\/Zuzanna_Lelek_etno-projekt_2.0-150x150.jpg\" alt=\"Zuzanna_Lelek_etno-projekt_2.0\" width=\"150\" height=\"150\" srcset=\"https:\/\/etnoprojekt.pl\/wp-content\/uploads\/2014\/07\/Zuzanna_Lelek_etno-projekt_2.0-150x150.jpg 150w, https:\/\/etnoprojekt.pl\/wp-content\/uploads\/2014\/07\/Zuzanna_Lelek_etno-projekt_2.0-300x300.jpg 300w, https:\/\/etnoprojekt.pl\/wp-content\/uploads\/2014\/07\/Zuzanna_Lelek_etno-projekt_2.0.jpg 354w\" sizes=\"(max-width: 150px) 100vw, 150px\" \/><\/a><\/p>\n<p><strong>Zuzanna Lelek<\/strong><\/p>\n<p>Jestem absolwentk\u0105 Uniwersytetu Ludowego Rzemios\u0142a Artystycznego, studiuj\u0119 etnologi\u0119 i antropologi\u0119 kulturow\u0105 we Wroc\u0142awiu. Zajmuj\u0119 si\u0119 poznawaniem wiejskiej tradycji muzycznej, wokalnej i instrumentalnej, szczeg\u00f3lnie z Polski i Europy \u015arodkowo-Wschodniej. Interesuje mnie te\u017c wsp\u00f3\u0142czesne funkcjonowanie tej muzyki w \u015brodowiskach wielkomiejskich. Mam nadziej\u0119 odby\u0107 wiele wypraw w poszukiwaniu mistrz\u00f3w wiejskiej muzyki i ich Pie\u015bni. Poza tym chcia\u0142abym pozna\u0107 si\u0119 na zielarstwie i zosta\u0107 dzia\u0142kowcem.<\/p>\n<p><a href=\"http:\/\/etnoprojekt.pl\/2.0\/wp-content\/uploads\/2014\/07\/Marta_Paszko_etno-projekt_2.0.jpg\"><img loading=\"lazy\" decoding=\"async\" class=\"alignnone wp-image-288 size-thumbnail\" src=\"http:\/\/etnoprojekt.pl\/2.0\/wp-content\/uploads\/2014\/07\/Marta_Paszko_etno-projekt_2.0-150x150.jpg\" alt=\"Marta_Paszko_etno-projekt_2.0\" width=\"150\" height=\"150\" srcset=\"https:\/\/etnoprojekt.pl\/wp-content\/uploads\/2014\/07\/Marta_Paszko_etno-projekt_2.0-150x150.jpg 150w, https:\/\/etnoprojekt.pl\/wp-content\/uploads\/2014\/07\/Marta_Paszko_etno-projekt_2.0-300x300.jpg 300w, https:\/\/etnoprojekt.pl\/wp-content\/uploads\/2014\/07\/Marta_Paszko_etno-projekt_2.0.jpg 354w\" sizes=\"(max-width: 150px) 100vw, 150px\" \/><\/a><\/p>\n<p><strong>Marta Paszko<\/strong><\/p>\n<p>Absolwentka etnologii i antropologii kulturowej UJ oraz podyplomowych studi\u00f3w muzeologicznych. Jest pe\u0142noetatowym adiunktem w Dziale Historii i Kultury Regionu w Muzeum w Rybniku oraz dorywczym t\u0142umaczem j\u0119zyka angielskiego. Wsp\u00f3\u0142autorka wystaw i projekt\u00f3w dotycz\u0105cych miasta rodzinnego oraz G\u00f3rnego \u015al\u0105ska, zajmuje si\u0119 badaniem zagadnie\u0144 zwi\u0105zanych z folklorem miejskim i antropologi\u0105 miasta. Jej najnowsz\u0105 fascynacj\u0105 jest \u015bl\u0105ski dizajn i sztuka u\u017cytkowa; interesuje si\u0119 turystyk\u0105 industrialn\u0105. W wolnych chwilach szkoli si\u0119 w j\u0119zykach obcych i podr\u00f3\u017cuje ile tylko si\u0119 da.<\/p>\n<p><a href=\"http:\/\/etnoprojekt.pl\/2.0\/wp-content\/uploads\/2014\/07\/Gosia_Pawlak_etno-projekt_2.0.jpg\"><img loading=\"lazy\" decoding=\"async\" class=\"alignnone wp-image-275 size-thumbnail\" src=\"http:\/\/etnoprojekt.pl\/2.0\/wp-content\/uploads\/2014\/07\/Gosia_Pawlak_etno-projekt_2.0-150x150.jpg\" alt=\"Gosia_Pawlak_etno-projekt_2.0\" width=\"150\" height=\"150\" srcset=\"https:\/\/etnoprojekt.pl\/wp-content\/uploads\/2014\/07\/Gosia_Pawlak_etno-projekt_2.0-150x150.jpg 150w, https:\/\/etnoprojekt.pl\/wp-content\/uploads\/2014\/07\/Gosia_Pawlak_etno-projekt_2.0-300x300.jpg 300w, https:\/\/etnoprojekt.pl\/wp-content\/uploads\/2014\/07\/Gosia_Pawlak_etno-projekt_2.0.jpg 354w\" sizes=\"(max-width: 150px) 100vw, 150px\" \/><\/a><\/p>\n<p><strong>Malgorzata Pawlak<\/strong><\/p>\n<p>Jestem \u015bwie\u017co upieczon\u0105 absolwentk\u0105 Design Academy Eindhoven, gdzie obroni\u0142am dyplom na wydziale Man and Communication. Zajmuj\u0119 si\u0119 grafik\u0105 i szeroko poj\u0119t\u0105 komunikacj\u0105 wizualn\u0105. Interesuj\u0119 si\u0119 semiotyk\u0105 i mechanizmami oddzia\u0142ywania obraz\u00f3w na cz\u0142owieka, a tak\u017ce kodami kulturowymi i wszystkim, co dotyczy j\u0119zyka.<\/p>\n<p><a href=\"http:\/\/etnoprojekt.pl\/2.0\/wp-content\/uploads\/2014\/08\/Ewa_Prajnar_etno-projekt-2.0.jpg\"><img loading=\"lazy\" decoding=\"async\" class=\"alignnone wp-image-292 size-thumbnail\" src=\"http:\/\/etnoprojekt.pl\/2.0\/wp-content\/uploads\/2014\/08\/Ewa_Prajnar_etno-projekt-2.0-150x150.jpg\" alt=\"Ewa_Prajnar_etno-projekt-2.0\" width=\"150\" height=\"150\" srcset=\"https:\/\/etnoprojekt.pl\/wp-content\/uploads\/2014\/08\/Ewa_Prajnar_etno-projekt-2.0-150x150.jpg 150w, https:\/\/etnoprojekt.pl\/wp-content\/uploads\/2014\/08\/Ewa_Prajnar_etno-projekt-2.0-300x300.jpg 300w, https:\/\/etnoprojekt.pl\/wp-content\/uploads\/2014\/08\/Ewa_Prajnar_etno-projekt-2.0.jpg 354w\" sizes=\"(max-width: 150px) 100vw, 150px\" \/><\/a><\/p>\n<p><strong>Ewa Prajsnar<\/strong><\/p>\n<p>Wychowa\u0142am na Suwalszczy\u017anie &#8211; to moja ma\u0142a stolica :). Uko\u0144czy\u0142am wydzia\u0142 Informatyki na Uniwersytecie Jagiello\u0144skim w Krakowie a aktualnie pracuj\u0119 w Gazeta.pl w Warszawie. G\u0142\u00f3wne obszary zainteresowa\u0144: programowanie, projektowanie graficzne, branding, wsp\u00f3\u0142czesne strategie marketingu i komunikacji. Cz\u0119sto przebywam na Podkarpaciu, Podlasiu, Mazowszu i Ma\u0142opolsce &#8211; co sprawia, \u017ce przygl\u0105dam si\u0119 tym regionom od najprawdziwszej strony, por\u00f3wnuj\u0119, sprawdzam i testuj\u0119. W wolnych chwilach fotografuj\u0119, maluj\u0119 i tworz\u0119 z dwojgiem kochanych dzieci.<\/p>\n<p><a href=\"http:\/\/etnoprojekt.pl\/2.0\/wp-content\/uploads\/2014\/07\/Micha\u0142_Prusek_etno-projekt_2.0.jpg\"><img loading=\"lazy\" decoding=\"async\" class=\"alignnone wp-image-287 size-thumbnail\" src=\"http:\/\/etnoprojekt.pl\/2.0\/wp-content\/uploads\/2014\/07\/Micha\u0142_Prusek_etno-projekt_2.0-150x150.jpg\" alt=\"Micha\u0142_Prusek_etno-projekt_2.0\" width=\"150\" height=\"150\" srcset=\"https:\/\/etnoprojekt.pl\/wp-content\/uploads\/2014\/07\/Micha\u0142_Prusek_etno-projekt_2.0-150x150.jpg 150w, https:\/\/etnoprojekt.pl\/wp-content\/uploads\/2014\/07\/Micha\u0142_Prusek_etno-projekt_2.0-300x300.jpg 300w, https:\/\/etnoprojekt.pl\/wp-content\/uploads\/2014\/07\/Micha\u0142_Prusek_etno-projekt_2.0.jpg 354w\" sizes=\"(max-width: 150px) 100vw, 150px\" \/><\/a><\/p>\n<p><strong>Micha\u0142 Prusek<\/strong><\/p>\n<p>Uko\u0144czy\u0142em informatyk\u0119 na Uniwersytecie \u015al\u0105skim. Jestem wolnym strzelcem, analizuj\u0105cym i trawi\u0105cym kod wszelaki. Od zawsze interesowa\u0142o mnie wszystko co cz\u0142owiek wytwarza w\u0142asnor\u0119cznie i za pomoc\u0105 prostych narz\u0119dzi, z pasj\u0105. Dlatego ch\u0119tnie bior\u0119 udzia\u0142 w r\u00f3\u017cnych warsztatach r\u0119kodzie\u0142a. Lubi\u0119 s\u0142ucha\u0107 ludzkich opowie\u015bci, jak to by\u0142o dawniej. Ponad rok temu odwa\u017cy\u0142em si\u0119 (za dobr\u0105 namow\u0105) &#8222;da\u0107 g\u0142os&#8221; w amatorskim zespole pie\u015bni tradycyjnych i tak zosta\u0142o do tej pory. Stawiam pierwsze kroki w sztrykowaniu.<\/p>\n<p><a href=\"http:\/\/etnoprojekt.pl\/2.0\/wp-content\/uploads\/2014\/07\/Marta_Ratkiewicz_etno-projekt_2.0.jpg\"><img loading=\"lazy\" decoding=\"async\" class=\"alignnone wp-image-282 size-thumbnail\" src=\"http:\/\/etnoprojekt.pl\/2.0\/wp-content\/uploads\/2014\/07\/Marta_Ratkiewicz_etno-projekt_2.0-150x150.jpg\" alt=\"Marta_Ratkiewicz_etno-projekt_2.0\" width=\"150\" height=\"150\" srcset=\"https:\/\/etnoprojekt.pl\/wp-content\/uploads\/2014\/07\/Marta_Ratkiewicz_etno-projekt_2.0-150x150.jpg 150w, https:\/\/etnoprojekt.pl\/wp-content\/uploads\/2014\/07\/Marta_Ratkiewicz_etno-projekt_2.0-300x300.jpg 300w, https:\/\/etnoprojekt.pl\/wp-content\/uploads\/2014\/07\/Marta_Ratkiewicz_etno-projekt_2.0.jpg 354w\" sizes=\"(max-width: 150px) 100vw, 150px\" \/><\/a><\/p>\n<p><strong>Marta Ratkiewicz<\/strong><\/p>\n<p>Z zawodu grafik i tw\u00f3rca stron www, pracuj\u0119 na co dzie\u0144 w jednej z lubelskich agencji reklamowych. Po godzinach oddaj\u0119 si\u0119 pisaniu doktoratu z filozofii oraz edukacji filozoficznej i popularyzowaniu tej dziedziny wiedzy (g\u0142\u00f3wnie w\u015br\u00f3d m\u0142odzie\u017cy). Poza tym interesuj\u0119 si\u0119 szeroko rozumian\u0105 sztuk\u0105, kultur\u0105 i sprawami spo\u0142ecznymi. Jestem te\u017c zapalon\u0105 cyklistk\u0105. Kultura tradycyjna zajmuje w\u015br\u00f3d moich zainteresowa\u0144 miejsce szczeg\u00f3lne &#8211; g\u0142\u00f3wnie polska muzyka regionalna i taniec (in crudo).<\/p>\n<p><a href=\"http:\/\/etnoprojekt.pl\/2.0\/wp-content\/uploads\/2014\/07\/Alicja_So\u0107ko-Mucha_etno-projekt_2.0.jpg\"><img loading=\"lazy\" decoding=\"async\" class=\"alignnone wp-image-286 size-thumbnail\" src=\"http:\/\/etnoprojekt.pl\/2.0\/wp-content\/uploads\/2014\/07\/Alicja_So\u0107ko-Mucha_etno-projekt_2.0-150x150.jpg\" alt=\"Alicja_So\u0107ko-Mucha_etno-projekt_2.0\" width=\"150\" height=\"150\" srcset=\"https:\/\/etnoprojekt.pl\/wp-content\/uploads\/2014\/07\/Alicja_So\u0107ko-Mucha_etno-projekt_2.0-150x150.jpg 150w, https:\/\/etnoprojekt.pl\/wp-content\/uploads\/2014\/07\/Alicja_So\u0107ko-Mucha_etno-projekt_2.0-300x300.jpg 300w, https:\/\/etnoprojekt.pl\/wp-content\/uploads\/2014\/07\/Alicja_So\u0107ko-Mucha_etno-projekt_2.0.jpg 354w\" sizes=\"(max-width: 150px) 100vw, 150px\" \/><\/a><\/p>\n<p><strong>Alicja So\u0107ko-Mucha<\/strong><\/p>\n<p>Ur. 1986. Absolwentka etnologii na Uniwersytecie Jagiello\u0144skim, licencjat filozofii na Uniwersytecie Papieskim Jana Paw\u0142a II w Krakowie. Obecnie doktorantka etnologii na UJ; przygotowuje rozpraw\u0119 doktorsk\u0105 pt. Wok\u00f3\u0142 bachtinowskiej teorii \u015bmiechu. Perspektywa antropologiczna pod opiek\u0105 Profesora Zbigniewa Libery. Interesuje si\u0119 estetyk\u0105 i histori\u0105 sztuki; jej mistrzem w tych dziedzinach jest Profesor Pawe\u0142 Taranczewski. Lubi kulinaria, bieganie, obserwacj\u0119 przyrody.<\/p>\n<p><a href=\"http:\/\/etnoprojekt.pl\/2.0\/wp-content\/uploads\/2014\/07\/Robert_W\u0105s_etno-projekt_2.0.jpg\"><img loading=\"lazy\" decoding=\"async\" class=\"alignnone wp-image-277 size-thumbnail\" src=\"http:\/\/etnoprojekt.pl\/2.0\/wp-content\/uploads\/2014\/07\/Robert_W\u0105s_etno-projekt_2.0-150x150.jpg\" alt=\"Robert_W\u0105s_etno-projekt_2.0\" width=\"150\" height=\"150\" srcset=\"https:\/\/etnoprojekt.pl\/wp-content\/uploads\/2014\/07\/Robert_W\u0105s_etno-projekt_2.0-150x150.jpg 150w, https:\/\/etnoprojekt.pl\/wp-content\/uploads\/2014\/07\/Robert_W\u0105s_etno-projekt_2.0-300x300.jpg 300w, https:\/\/etnoprojekt.pl\/wp-content\/uploads\/2014\/07\/Robert_W\u0105s_etno-projekt_2.0.jpg 354w\" sizes=\"(max-width: 150px) 100vw, 150px\" \/><\/a><\/p>\n<p><strong>Robert W\u0105s<\/strong><\/p>\n<p>Programista, robi rzeczy widzialne i serwerowe jednocze\u015bnie. Lubi eksperymentowa\u0107 z projektowaniem gier, modelowaniem 3d, aplikacjami nowatorskimi, wszystkim co blisko ludzkich emocji. Poza komputerem: sport, obcowanie z dzik\u0105 natur\u0105 i przyjazn\u0105 kultur\u0105. Na co dzie\u0144 praca w r\u00f3\u017cnych projektach i wieloosobowa rodzina.<\/p>\n<p><a href=\"http:\/\/etnoprojekt.pl\/2.0\/wp-content\/uploads\/2014\/07\/Marta_Woszczyna_etno-projekt_2.0.jpg\"><img loading=\"lazy\" decoding=\"async\" class=\"alignnone wp-image-283 size-thumbnail\" src=\"http:\/\/etnoprojekt.pl\/2.0\/wp-content\/uploads\/2014\/07\/Marta_Woszczyna_etno-projekt_2.0-150x150.jpg\" alt=\"Marta_Woszczyna_etno-projekt_2.0\" width=\"150\" height=\"150\" srcset=\"https:\/\/etnoprojekt.pl\/wp-content\/uploads\/2014\/07\/Marta_Woszczyna_etno-projekt_2.0-150x150.jpg 150w, https:\/\/etnoprojekt.pl\/wp-content\/uploads\/2014\/07\/Marta_Woszczyna_etno-projekt_2.0-300x300.jpg 300w, https:\/\/etnoprojekt.pl\/wp-content\/uploads\/2014\/07\/Marta_Woszczyna_etno-projekt_2.0.jpg 354w\" sizes=\"(max-width: 150px) 100vw, 150px\" \/><\/a><\/p>\n<p><strong>Marta Woszczyna<\/strong><\/p>\n<p>Projektantka pracuj\u0105c\u0105 w r\u00f3\u017cnych dziedzinach designu. Na\u0142ogowo podr\u00f3\u017cuje by si\u0119 kszta\u0142ci\u0107. Ostatnio na Uniwersytet w G\u00f6teborgu by studiowa\u0107 Child Culture Design, co da\u0142o jej specjalizacj\u0119 w projektowaniu dla dzieci i zabawy. Pracuje komercyjnie, ale teraz coraz cz\u0119\u015bciej zajmuje si\u0119 projektami zaanga\u017cowanym spo\u0142ecznie. Design nie jest dla niej siedzeniem w sterylnych warunkach, ale brudzeniem sobie r\u0105k, otwarciem na potrzeby u\u017cytkownik\u00f3w i dzia\u0142aniem w prawdziwym \u015bwiecie. Wierzy w si\u0142\u0119 opowie\u015bci, tych prawdziwych, jak i zmy\u015blonych, i zbiera je do wykorzystania w projektowaniu.<\/p>\n<p><a href=\"www.behance.net\/martawo\" target=\"new\">www.behance.net\/martawo<\/a><\/p>\n<p><a href=\"http:\/\/etnoprojekt.pl\/2.0\/wp-content\/uploads\/2014\/07\/Teresa_W\u00f3jcicka_etno-projekt_2.0jpg.jpg\"><img loading=\"lazy\" decoding=\"async\" class=\"alignnone wp-image-276 size-thumbnail\" src=\"http:\/\/etnoprojekt.pl\/2.0\/wp-content\/uploads\/2014\/07\/Teresa_W\u00f3jcicka_etno-projekt_2.0jpg-150x150.jpg\" alt=\"Teresa_W\u00f3jcicka_etno-projekt_2.0jpg\" width=\"150\" height=\"150\" srcset=\"https:\/\/etnoprojekt.pl\/wp-content\/uploads\/2014\/07\/Teresa_W\u00f3jcicka_etno-projekt_2.0jpg-150x150.jpg 150w, https:\/\/etnoprojekt.pl\/wp-content\/uploads\/2014\/07\/Teresa_W\u00f3jcicka_etno-projekt_2.0jpg-300x300.jpg 300w, https:\/\/etnoprojekt.pl\/wp-content\/uploads\/2014\/07\/Teresa_W\u00f3jcicka_etno-projekt_2.0jpg.jpg 354w\" sizes=\"(max-width: 150px) 100vw, 150px\" \/><\/a><\/p>\n<p><strong>Teresa Wo\u0301jcicka<\/strong><\/p>\n<p>Absolwentka Wydzia\u0142u Architektury Delft University of Technology w Holandii, pracowa\u0142a w kilu biurach projektowych, po czym wzi\u0119\u0142a przerw\u0119 od architektury do odwo\u0142ania. Obecnie zajmuje si\u0119 projektowaniem graficznym i ilustracj\u0105, pracuje nad w\u0142asnym j\u0119zykiem. W Gda\u0144sku. I \u015bpiewa.<\/p>\n<p><a href=\"https:\/\/www.behance.net\/TeresaWo\" target=\"_blank\">www.behance.net\/<wbr \/>TeresaWo<\/a><\/p>\n<p><a href=\"http:\/\/etnoprojekt.pl\/2.0\/wp-content\/uploads\/2014\/07\/Marcin_Zalewski_etno-projekt_2.0.jpg\"><img loading=\"lazy\" decoding=\"async\" class=\"alignnone wp-image-279 size-thumbnail\" src=\"http:\/\/etnoprojekt.pl\/2.0\/wp-content\/uploads\/2014\/07\/Marcin_Zalewski_etno-projekt_2.0-150x150.jpg\" alt=\"Marcin_Zalewski_etno-projekt_2.0\" width=\"150\" height=\"150\" srcset=\"https:\/\/etnoprojekt.pl\/wp-content\/uploads\/2014\/07\/Marcin_Zalewski_etno-projekt_2.0-150x150.jpg 150w, https:\/\/etnoprojekt.pl\/wp-content\/uploads\/2014\/07\/Marcin_Zalewski_etno-projekt_2.0-300x300.jpg 300w, https:\/\/etnoprojekt.pl\/wp-content\/uploads\/2014\/07\/Marcin_Zalewski_etno-projekt_2.0.jpg 354w\" sizes=\"(max-width: 150px) 100vw, 150px\" \/><\/a><\/p>\n<p><strong>Marcin Zalewski<\/strong><\/p>\n<p>Student antropologii kulturowej i polonistyki, z wykszta\u0142cenia dziennikarz\u037e przygotowuje si\u0119 do doktoratu na temat antropologii przestrzeni zdegradowanych na prowincji. W\u015br\u00f3d aktywno\u015bci na pierwszy plan wychodz\u0105 projekty dotycz\u0105ce zaniedbanych przestrzeni publicznych, dryfu oraz miejsko\u015bci. G\u0142\u00f3wnym narz\u0119dziem badawczym jest po\u0142\u0105czenie otwartych zaj\u0119\u0107 warsztatowych z happeningiem anga\u017cuj\u0105cym lokalne spo\u0142eczno\u015bci i interweniuj\u0105cy w przestrze\u0144 (Frajda, \u015amietniki, Galeria nad Wis\u0142\u0105). Zajmuje si\u0119 r\u00f3wnie\u017c dzia\u0142aniami partycypacyjnymi (bud\u017cet obywatelski miasta Torunia, artystyczne konsultacje spo\u0142eczne Nowe Miasto Lubawskie). W zasi\u0119g zainteresowa\u0144 wchodzi tak\u017ce zarz\u0105dzanie i architektura krajobrazu. Przeciwn\u0105 cz\u0119\u015bci\u0105 pracy jest aktywno\u015b\u0107 dziennikarsko \u2013 krytyczna (\u201eRes Publika Nowa\u201d, \u201eArtluk\u201d, screenagers.pl, \u201eMusli Magazine\u201d). Sporadycznie zajmuje si\u0119 sztuk\u0105 wsp\u00f3\u0142czesn\u0105.<\/p>\n","protected":false},"excerpt":{"rendered":"<p>Paulina Bia\u0142kowska Obecnie studentka V roku projektowania graficznego Uniwersytetu Artystycznego w Poznaniu. Zajmuje si\u0119 g\u0142\u00f3wnie projektowaniem liternictwa, infografik oraz identyfikacji wizualnych. W swojej tw\u00f3rczo\u015bci cz\u0119sto si\u0119ga po inspiracje do swoich \u0142emkowskich korzeni oraz do\u015bwiadcze\u0144 zwi\u0105zanych z przenikaniem si\u0119 r\u00f3\u017cnych sfer kulturowych w swoim otoczeniu. www.behance.net\/bialkowska Katarzyna Dubeltowicz Jestem absolwentk\u0105 etnologii na Uniwersytecie \u0141\u00f3dzkim, pochodz\u0119 z [&hellip;]<\/p>\n","protected":false},"author":1,"featured_media":0,"parent":0,"menu_order":0,"comment_status":"closed","ping_status":"open","template":"","meta":{"footnotes":""},"_links":{"self":[{"href":"https:\/\/etnoprojekt.pl\/2.0\/wp-json\/wp\/v2\/pages\/271"}],"collection":[{"href":"https:\/\/etnoprojekt.pl\/2.0\/wp-json\/wp\/v2\/pages"}],"about":[{"href":"https:\/\/etnoprojekt.pl\/2.0\/wp-json\/wp\/v2\/types\/page"}],"author":[{"embeddable":true,"href":"https:\/\/etnoprojekt.pl\/2.0\/wp-json\/wp\/v2\/users\/1"}],"replies":[{"embeddable":true,"href":"https:\/\/etnoprojekt.pl\/2.0\/wp-json\/wp\/v2\/comments?post=271"}],"version-history":[{"count":18,"href":"https:\/\/etnoprojekt.pl\/2.0\/wp-json\/wp\/v2\/pages\/271\/revisions"}],"predecessor-version":[{"id":309,"href":"https:\/\/etnoprojekt.pl\/2.0\/wp-json\/wp\/v2\/pages\/271\/revisions\/309"}],"wp:attachment":[{"href":"https:\/\/etnoprojekt.pl\/2.0\/wp-json\/wp\/v2\/media?parent=271"}],"curies":[{"name":"wp","href":"https:\/\/api.w.org\/{rel}","templated":true}]}}